{"id":2935,"date":"2014-10-14T16:07:46","date_gmt":"2014-10-14T16:07:46","guid":{"rendered":"https:\/\/themes.themegoods2.com\/altair\/?page_id=2935"},"modified":"2024-10-15T10:08:12","modified_gmt":"2024-10-15T10:08:12","slug":"foundation","status":"publish","type":"page","link":"https:\/\/www.elotrolado.com.pa\/es2025\/foundation\/","title":{"rendered":"Fundaci\u00f3n"},"content":{"rendered":"<div class=\"one withsmallpadding \" >\n<div class=\"page_content_wrapper\">\n<p><img decoding=\"async\" class=\"wp-image-5424 aligncenter\" src=\"https:\/\/www.elotrolado.com.pa\/en2023\/wp-content\/uploads\/2015\/12\/Conguita.gif\" alt=\"\" width=\"220\" \/> <img decoding=\"async\" class=\"wp-image-5425 aligncenter\" src=\"https:\/\/www.elotrolado.com.pa\/en2023\/wp-content\/uploads\/2015\/12\/Conguito_1.gif\" alt=\"\" width=\"220\" \/> <img decoding=\"async\" class=\"wp-image-5426 aligncenter\" src=\"https:\/\/www.elotrolado.com.pa\/en2023\/wp-content\/uploads\/2015\/12\/Conguito_2.gif\" alt=\"\" width=\"220\" \/><\/p>\n<\/div>\n<\/div>\n<div class=\"one withsmallpadding \" >\n<div class=\"page_content_wrapper\">\n<div class=\"page_content_wrapper\"><span style=\"text-align: justify;\">La selva, los r\u00edos, el mar, el clima, la historia de los nativos, los galeones, los esclavos, los piratas y los comerciantes se han unido para formar un Portobelo biodiverso y rico en expresiones culturales, \u00e9tnicas y art\u00edsticas variadas. Estas expresiones van desde el delicado trabajo en madera de los carpinteros, la danza interpretativa y los sonidos art\u00edsticos de los j\u00f3venes int\u00e9rpretes locales del Congo, hasta la danza y la m\u00fasica que emanan a lo largo de la costa durante las fiestas de la zona.r<\/span><\/div>\n<div class=\"one withsmallpadding \">\n<div class=\"page_content_wrapper\">\n<p style=\"text-align: justify;\">Toda esta riqueza no niega el hecho de que Portobelo presenta grandes carencias en la educaci\u00f3n, la salud y el bienestar de su gente. La Fundaci\u00f3n Bah\u00eda de Portobelo, junto con los encargados de El Otro Lado, est\u00e1 comprometida a mejorar la calidad de vida de la comunidad con programas que buscan el progreso a trav\u00e9s de la cultura, y con iniciativas que promueven el desarrollo con identidad. De esta manera, El Otro Lado se convierte en un veh\u00edculo de expresi\u00f3n cultural que permite a sus hu\u00e9spedes participar, con su estad\u00eda, en el desarrollo integral de la poblaci\u00f3n de Portobelo. Y, la experiencia va en ambos sentidos: la presencia de los visitantes apoya las actividades sin fines de lucro de la Fundaci\u00f3n y los visitantes a cambio reciben una experiencia de inmersi\u00f3n en el rico derroche de color, la sensualidad y la fuerza que la cultura congo tiene para ofrecer.r<\/p>\n<p style=\"text-align: justify;\">La Escuelita de Ritmo, el Taller de Carpinter\u00eda, la Galer\u00eda de Arte, el Festival Diablos y Congo y La Casa de la Cultura Congo son iniciativas impulsadas por la Fundaci\u00f3n Bah\u00eda de Portobelo y los visitantes de El Otro Lado pueden interactuar y contribuir.<\/p>\n<p style=\"text-align: justify;\"><em><br \/>\n\u00a1Cualquier participaci\u00f3n ser\u00e1 siempre bienvenida!<\/p>\n<p><\/em><\/p>\n<p>Para m\u00e1s informaci\u00f3n:<\/p>\n<ul>\n<li>Visite nuestra p\u00e1gina web: <a href=\"https:\/\/fundacionbp.org\" target=\"_blank\" rel=\"noopener\">https:\/\/fundacionbp.org\u00a0<\/a><\/li>\n<li>S\u00edguenos en: <a href=\"https:\/\/www.instagram.com\/fbportobelo\/\" target=\"_blank\" rel=\"noopener\">https:\/\/www.instagram.com\/fbportobelo\/<\/a><\/li>\n<li>Env\u00edenos un correo electr\u00f3nico a: <a href=\"mailto:cfbp@fbp.org.pg\">cfbp@fbp.org.pg<\/a><\/li>\n<\/ul>\n<\/div>\n<\/div>\n<div class=\"one withsmallpadding \">\n<div class=\"page_content_wrapper\">\n<p><img loading=\"lazy\" loading=\"lazy\" loading=\"lazy\" decoding=\"async\" class=\"alignnone wp-image-8179 size-large\" src=\"https:\/\/www.elotrolado.com.pa\/en2023\/wp-content\/uploads\/2024\/04\/AEP1079-c-1024x648.jpg\" alt=\"\" width=\"1024\" height=\"648\" srcset=\"https:\/\/www.elotrolado.com.pa\/es2025\/wp-content\/uploads\/2024\/04\/AEP1079-c-1024x648.jpg 1024w, https:\/\/www.elotrolado.com.pa\/es2025\/wp-content\/uploads\/2024\/04\/AEP1079-c-300x190.jpg 300w, https:\/\/www.elotrolado.com.pa\/es2025\/wp-content\/uploads\/2024\/04\/AEP1079-c-768x486.jpg 768w, https:\/\/www.elotrolado.com.pa\/es2025\/wp-content\/uploads\/2024\/04\/AEP1079-c-1536x972.jpg 1536w, https:\/\/www.elotrolado.com.pa\/es2025\/wp-content\/uploads\/2024\/04\/AEP1079-c-2048x1296.jpg 2048w, https:\/\/www.elotrolado.com.pa\/es2025\/wp-content\/uploads\/2024\/04\/AEP1079-c-960x608.jpg 960w, https:\/\/www.elotrolado.com.pa\/es2025\/wp-content\/uploads\/2024\/04\/AEP1079-c-440x278.jpg 440w\" sizes=\"auto, (max-width: 1024px) 100vw, 1024px\" \/><\/p>\n<\/div>\n<\/div>\n<p>\u00a0<\/p>\n<\/div>\n<\/div>\n","protected":false},"excerpt":{"rendered":"<p>La selva, los r\u00edos, el mar, el clima, la historia de los nativos, los galeones, los esclavos, los piratas y los comerciantes se han unido para formar un Portobelo biodiverso y rico en expresiones culturales, \u00e9tnicas y art\u00edsticas variadas. Estas expresiones van desde el delicado trabajo [&hellip;]<\/p>\n","protected":false},"author":1,"featured_media":7891,"parent":0,"menu_order":0,"comment_status":"closed","ping_status":"closed","template":"page-destination sin texto.php","meta":{"_eb_attr":"","footnotes":""},"class_list":["post-2935","page","type-page","status-publish","has-post-thumbnail","hentry"],"yoast_head":"<!-- This site is optimized with the Yoast SEO plugin v27.5 - https:\/\/yoast.com\/product\/yoast-seo-wordpress\/ -->\n<title>Fundaci\u00f3n - El Otro Lado Private Retreat \u201cOriginal &amp; Buyout\u201d<\/title>\n<meta name=\"robots\" content=\"index, follow, max-snippet:-1, max-image-preview:large, max-video-preview:-1\" \/>\n<link rel=\"canonical\" href=\"https:\/\/www.elotrolado.com.pa\/es2025\/foundation\/\" \/>\n<meta property=\"og:locale\" content=\"es_ES\" \/>\n<meta property=\"og:type\" content=\"article\" \/>\n<meta property=\"og:title\" content=\"Fundaci\u00f3n - El Otro Lado Private Retreat \u201cOriginal &amp; Buyout\u201d\" \/>\n<meta property=\"og:description\" content=\"La selva, los r\u00edos, el mar, el clima, la historia de los nativos, los galeones, los esclavos, los piratas y los comerciantes se han unido para formar un Portobelo biodiverso y rico en expresiones culturales, \u00e9tnicas y art\u00edsticas variadas. Estas expresiones van desde el delicado trabajo [&hellip;]\" \/>\n<meta property=\"og:url\" content=\"https:\/\/www.elotrolado.com.pa\/es2025\/foundation\/\" \/>\n<meta property=\"og:site_name\" content=\"El Otro Lado Private Retreat \u201cOriginal &amp; Buyout\u201d\" \/>\n<meta property=\"article:publisher\" content=\"https:\/\/www.facebook.com\/El.Otro.Lado.Portobelo\" \/>\n<meta property=\"article:modified_time\" content=\"2024-10-15T10:08:12+00:00\" \/>\n<meta property=\"og:image\" content=\"https:\/\/www.elotrolado.com.pa\/es2025\/wp-content\/uploads\/2023\/12\/logofundacionweb-4-1-scaled.jpg\" \/>\n\t<meta property=\"og:image:width\" content=\"2560\" \/>\n\t<meta property=\"og:image:height\" content=\"1707\" \/>\n\t<meta property=\"og:image:type\" content=\"image\/jpeg\" \/>\n<meta name=\"twitter:card\" content=\"summary_large_image\" \/>\n<meta name=\"twitter:site\" content=\"@EOL_Portobelo\" \/>\n<meta name=\"twitter:label1\" content=\"Tiempo de lectura\" \/>\n\t<meta name=\"twitter:data1\" content=\"3 minutos\" \/>\n<script type=\"application\/ld+json\" class=\"yoast-schema-graph\">{\"@context\":\"https:\\\/\\\/schema.org\",\"@graph\":[{\"@type\":\"WebPage\",\"@id\":\"https:\\\/\\\/www.elotrolado.com.pa\\\/es2025\\\/foundation\\\/\",\"url\":\"https:\\\/\\\/www.elotrolado.com.pa\\\/es2025\\\/foundation\\\/\",\"name\":\"Fundaci\u00f3n - El Otro Lado Private Retreat \u201cOriginal &amp; Buyout\u201d\",\"isPartOf\":{\"@id\":\"https:\\\/\\\/www.elotrolado.com.pa\\\/es2025\\\/#website\"},\"primaryImageOfPage\":{\"@id\":\"https:\\\/\\\/www.elotrolado.com.pa\\\/es2025\\\/foundation\\\/#primaryimage\"},\"image\":{\"@id\":\"https:\\\/\\\/www.elotrolado.com.pa\\\/es2025\\\/foundation\\\/#primaryimage\"},\"thumbnailUrl\":\"https:\\\/\\\/www.elotrolado.com.pa\\\/es2025\\\/wp-content\\\/uploads\\\/2023\\\/12\\\/logofundacionweb-4-1-scaled.jpg\",\"datePublished\":\"2014-10-14T16:07:46+00:00\",\"dateModified\":\"2024-10-15T10:08:12+00:00\",\"breadcrumb\":{\"@id\":\"https:\\\/\\\/www.elotrolado.com.pa\\\/es2025\\\/foundation\\\/#breadcrumb\"},\"inLanguage\":\"es\",\"potentialAction\":[{\"@type\":\"ReadAction\",\"target\":[\"https:\\\/\\\/www.elotrolado.com.pa\\\/es2025\\\/foundation\\\/\"]}]},{\"@type\":\"ImageObject\",\"inLanguage\":\"es\",\"@id\":\"https:\\\/\\\/www.elotrolado.com.pa\\\/es2025\\\/foundation\\\/#primaryimage\",\"url\":\"https:\\\/\\\/www.elotrolado.com.pa\\\/es2025\\\/wp-content\\\/uploads\\\/2023\\\/12\\\/logofundacionweb-4-1-scaled.jpg\",\"contentUrl\":\"https:\\\/\\\/www.elotrolado.com.pa\\\/es2025\\\/wp-content\\\/uploads\\\/2023\\\/12\\\/logofundacionweb-4-1-scaled.jpg\",\"width\":2560,\"height\":1707},{\"@type\":\"BreadcrumbList\",\"@id\":\"https:\\\/\\\/www.elotrolado.com.pa\\\/es2025\\\/foundation\\\/#breadcrumb\",\"itemListElement\":[{\"@type\":\"ListItem\",\"position\":1,\"name\":\"Portada\",\"item\":\"https:\\\/\\\/www.elotrolado.com.pa\\\/es2025\\\/\"},{\"@type\":\"ListItem\",\"position\":2,\"name\":\"Fundaci\u00f3n\"}]},{\"@type\":\"WebSite\",\"@id\":\"https:\\\/\\\/www.elotrolado.com.pa\\\/es2025\\\/#website\",\"url\":\"https:\\\/\\\/www.elotrolado.com.pa\\\/es2025\\\/\",\"name\":\"El Otro Lado Private Retreat \u201cOriginal &amp; Buyout\u201d\",\"description\":\"El Orto Lado is a unique place. It combines luxury with activites such as ffishing, navigating by the mangroves, hiking, birdwatching or diving in this UNESCO World Heritage site\",\"publisher\":{\"@id\":\"https:\\\/\\\/www.elotrolado.com.pa\\\/es2025\\\/#organization\"},\"potentialAction\":[{\"@type\":\"SearchAction\",\"target\":{\"@type\":\"EntryPoint\",\"urlTemplate\":\"https:\\\/\\\/www.elotrolado.com.pa\\\/es2025\\\/?s={search_term_string}\"},\"query-input\":{\"@type\":\"PropertyValueSpecification\",\"valueRequired\":true,\"valueName\":\"search_term_string\"}}],\"inLanguage\":\"es\"},{\"@type\":\"Organization\",\"@id\":\"https:\\\/\\\/www.elotrolado.com.pa\\\/es2025\\\/#organization\",\"name\":\"El Otro Lado\",\"url\":\"https:\\\/\\\/www.elotrolado.com.pa\\\/es2025\\\/\",\"logo\":{\"@type\":\"ImageObject\",\"inLanguage\":\"es\",\"@id\":\"https:\\\/\\\/www.elotrolado.com.pa\\\/es2025\\\/#\\\/schema\\\/logo\\\/image\\\/\",\"url\":\"https:\\\/\\\/www.elotrolado.com.pa\\\/en\\\/wp-content\\\/uploads\\\/2015\\\/12\\\/logo.jpg\",\"contentUrl\":\"https:\\\/\\\/www.elotrolado.com.pa\\\/en\\\/wp-content\\\/uploads\\\/2015\\\/12\\\/logo.jpg\",\"width\":3000,\"height\":2000,\"caption\":\"El Otro Lado\"},\"image\":{\"@id\":\"https:\\\/\\\/www.elotrolado.com.pa\\\/es2025\\\/#\\\/schema\\\/logo\\\/image\\\/\"},\"sameAs\":[\"https:\\\/\\\/www.facebook.com\\\/El.Otro.Lado.Portobelo\",\"https:\\\/\\\/x.com\\\/EOL_Portobelo\"]}]}<\/script>\n<!-- \/ Yoast SEO plugin. -->","yoast_head_json":{"title":"Fundaci\u00f3n - El Otro Lado Private Retreat \u201cOriginal &amp; Buyout\u201d","robots":{"index":"index","follow":"follow","max-snippet":"max-snippet:-1","max-image-preview":"max-image-preview:large","max-video-preview":"max-video-preview:-1"},"canonical":"https:\/\/www.elotrolado.com.pa\/es2025\/foundation\/","og_locale":"es_ES","og_type":"article","og_title":"Fundaci\u00f3n - El Otro Lado Private Retreat \u201cOriginal &amp; Buyout\u201d","og_description":"La selva, los r\u00edos, el mar, el clima, la historia de los nativos, los galeones, los esclavos, los piratas y los comerciantes se han unido para formar un Portobelo biodiverso y rico en expresiones culturales, \u00e9tnicas y art\u00edsticas variadas. Estas expresiones van desde el delicado trabajo [&hellip;]","og_url":"https:\/\/www.elotrolado.com.pa\/es2025\/foundation\/","og_site_name":"El Otro Lado Private Retreat \u201cOriginal &amp; Buyout\u201d","article_publisher":"https:\/\/www.facebook.com\/El.Otro.Lado.Portobelo","article_modified_time":"2024-10-15T10:08:12+00:00","og_image":[{"width":2560,"height":1707,"url":"https:\/\/www.elotrolado.com.pa\/es2025\/wp-content\/uploads\/2023\/12\/logofundacionweb-4-1-scaled.jpg","type":"image\/jpeg"}],"twitter_card":"summary_large_image","twitter_site":"@EOL_Portobelo","twitter_misc":{"Tiempo de lectura":"3 minutos"},"schema":{"@context":"https:\/\/schema.org","@graph":[{"@type":"WebPage","@id":"https:\/\/www.elotrolado.com.pa\/es2025\/foundation\/","url":"https:\/\/www.elotrolado.com.pa\/es2025\/foundation\/","name":"Fundaci\u00f3n - El Otro Lado Private Retreat \u201cOriginal &amp; Buyout\u201d","isPartOf":{"@id":"https:\/\/www.elotrolado.com.pa\/es2025\/#website"},"primaryImageOfPage":{"@id":"https:\/\/www.elotrolado.com.pa\/es2025\/foundation\/#primaryimage"},"image":{"@id":"https:\/\/www.elotrolado.com.pa\/es2025\/foundation\/#primaryimage"},"thumbnailUrl":"https:\/\/www.elotrolado.com.pa\/es2025\/wp-content\/uploads\/2023\/12\/logofundacionweb-4-1-scaled.jpg","datePublished":"2014-10-14T16:07:46+00:00","dateModified":"2024-10-15T10:08:12+00:00","breadcrumb":{"@id":"https:\/\/www.elotrolado.com.pa\/es2025\/foundation\/#breadcrumb"},"inLanguage":"es","potentialAction":[{"@type":"ReadAction","target":["https:\/\/www.elotrolado.com.pa\/es2025\/foundation\/"]}]},{"@type":"ImageObject","inLanguage":"es","@id":"https:\/\/www.elotrolado.com.pa\/es2025\/foundation\/#primaryimage","url":"https:\/\/www.elotrolado.com.pa\/es2025\/wp-content\/uploads\/2023\/12\/logofundacionweb-4-1-scaled.jpg","contentUrl":"https:\/\/www.elotrolado.com.pa\/es2025\/wp-content\/uploads\/2023\/12\/logofundacionweb-4-1-scaled.jpg","width":2560,"height":1707},{"@type":"BreadcrumbList","@id":"https:\/\/www.elotrolado.com.pa\/es2025\/foundation\/#breadcrumb","itemListElement":[{"@type":"ListItem","position":1,"name":"Portada","item":"https:\/\/www.elotrolado.com.pa\/es2025\/"},{"@type":"ListItem","position":2,"name":"Fundaci\u00f3n"}]},{"@type":"WebSite","@id":"https:\/\/www.elotrolado.com.pa\/es2025\/#website","url":"https:\/\/www.elotrolado.com.pa\/es2025\/","name":"El Otro Lado Private Retreat \u201cOriginal &amp; Buyout\u201d","description":"El Orto Lado is a unique place. It combines luxury with activites such as ffishing, navigating by the mangroves, hiking, birdwatching or diving in this UNESCO World Heritage site","publisher":{"@id":"https:\/\/www.elotrolado.com.pa\/es2025\/#organization"},"potentialAction":[{"@type":"SearchAction","target":{"@type":"EntryPoint","urlTemplate":"https:\/\/www.elotrolado.com.pa\/es2025\/?s={search_term_string}"},"query-input":{"@type":"PropertyValueSpecification","valueRequired":true,"valueName":"search_term_string"}}],"inLanguage":"es"},{"@type":"Organization","@id":"https:\/\/www.elotrolado.com.pa\/es2025\/#organization","name":"El Otro Lado","url":"https:\/\/www.elotrolado.com.pa\/es2025\/","logo":{"@type":"ImageObject","inLanguage":"es","@id":"https:\/\/www.elotrolado.com.pa\/es2025\/#\/schema\/logo\/image\/","url":"https:\/\/www.elotrolado.com.pa\/en\/wp-content\/uploads\/2015\/12\/logo.jpg","contentUrl":"https:\/\/www.elotrolado.com.pa\/en\/wp-content\/uploads\/2015\/12\/logo.jpg","width":3000,"height":2000,"caption":"El Otro Lado"},"image":{"@id":"https:\/\/www.elotrolado.com.pa\/es2025\/#\/schema\/logo\/image\/"},"sameAs":["https:\/\/www.facebook.com\/El.Otro.Lado.Portobelo","https:\/\/x.com\/EOL_Portobelo"]}]}},"_links":{"self":[{"href":"https:\/\/www.elotrolado.com.pa\/es2025\/wp-json\/wp\/v2\/pages\/2935","targetHints":{"allow":["GET"]}}],"collection":[{"href":"https:\/\/www.elotrolado.com.pa\/es2025\/wp-json\/wp\/v2\/pages"}],"about":[{"href":"https:\/\/www.elotrolado.com.pa\/es2025\/wp-json\/wp\/v2\/types\/page"}],"author":[{"embeddable":true,"href":"https:\/\/www.elotrolado.com.pa\/es2025\/wp-json\/wp\/v2\/users\/1"}],"replies":[{"embeddable":true,"href":"https:\/\/www.elotrolado.com.pa\/es2025\/wp-json\/wp\/v2\/comments?post=2935"}],"version-history":[{"count":72,"href":"https:\/\/www.elotrolado.com.pa\/es2025\/wp-json\/wp\/v2\/pages\/2935\/revisions"}],"predecessor-version":[{"id":8579,"href":"https:\/\/www.elotrolado.com.pa\/es2025\/wp-json\/wp\/v2\/pages\/2935\/revisions\/8579"}],"wp:featuredmedia":[{"embeddable":true,"href":"https:\/\/www.elotrolado.com.pa\/es2025\/wp-json\/wp\/v2\/media\/7891"}],"wp:attachment":[{"href":"https:\/\/www.elotrolado.com.pa\/es2025\/wp-json\/wp\/v2\/media?parent=2935"}],"curies":[{"name":"wp","href":"https:\/\/api.w.org\/{rel}","templated":true}]}}